{"id":49,"date":"2023-07-11T16:52:39","date_gmt":"2023-07-11T14:52:39","guid":{"rendered":"https:\/\/avmeuen.cluster023.hosting.ovh.net\/?page_id=49"},"modified":"2023-09-25T00:49:51","modified_gmt":"2023-09-24T22:49:51","slug":"nos-produits","status":"publish","type":"page","link":"https:\/\/www.av2m.eu\/index.php\/nos-produits\/","title":{"rendered":"NOS PRODUITS &#038; MAT\u00c9RIAUX RECYCL\u00c9S"},"content":{"rendered":"<p>[et_pb_section fb_built=\u00a0\u00bb1&Prime; _builder_version=\u00a0\u00bb4.21.0&Prime; _module_preset=\u00a0\u00bbdefault\u00a0\u00bb global_colors_info=\u00a0\u00bb{}\u00a0\u00bb][et_pb_row _builder_version=\u00a0\u00bb4.21.0&Prime; _module_preset=\u00a0\u00bbdefault\u00a0\u00bb global_colors_info=\u00a0\u00bb{}\u00a0\u00bb][et_pb_column type=\u00a0\u00bb4_4&Prime; _builder_version=\u00a0\u00bb4.21.0&Prime; _module_preset=\u00a0\u00bbdefault\u00a0\u00bb global_colors_info=\u00a0\u00bb{}\u00a0\u00bb][et_pb_slider _builder_version=\u00a0\u00bb4.21.0&Prime; _module_preset=\u00a0\u00bbdefault\u00a0\u00bb global_colors_info=\u00a0\u00bb{}\u00a0\u00bb][et_pb_slide heading=\u00a0\u00bbNOS PRODUITS &#038; MAT\u00c9RIAUX RECYCL\u00c9S\u00a0\u00bb _builder_version=\u00a0\u00bb4.21.0&Prime; _module_preset=\u00a0\u00bbdefault\u00a0\u00bb header_font=\u00a0\u00bbABeeZee||||||||\u00a0\u00bb use_background_color_gradient=\u00a0\u00bbon\u00a0\u00bb background_image=\u00a0\u00bbhttps:\/\/www.av2m.eu\/wp-content\/uploads\/2023\/09\/DSC_6452-scaled.webp\u00a0\u00bb background_enable_image=\u00a0\u00bbon\u00a0\u00bb background_blend=\u00a0\u00bbmultiply\u00a0\u00bb global_colors_info=\u00a0\u00bb{}\u00a0\u00bb sticky_transition=\u00a0\u00bbon\u00a0\u00bb][\/et_pb_slide][\/et_pb_slider][\/et_pb_column][\/et_pb_row][et_pb_row _builder_version=\u00a0\u00bb4.21.0&Prime; _module_preset=\u00a0\u00bbdefault\u00a0\u00bb global_colors_info=\u00a0\u00bb{}\u00a0\u00bb][et_pb_column type=\u00a0\u00bb4_4&Prime; _builder_version=\u00a0\u00bb4.21.0&Prime; _module_preset=\u00a0\u00bbdefault\u00a0\u00bb global_colors_info=\u00a0\u00bb{}\u00a0\u00bb][et_pb_text _builder_version=\u00a0\u00bb4.21.0&Prime; _module_preset=\u00a0\u00bbdefault\u00a0\u00bb text_font=\u00a0\u00bbABeeZee||||||||\u00a0\u00bb text_text_color=\u00a0\u00bb#103859&Prime; min_height=\u00a0\u00bb30px\u00a0\u00bb custom_padding=\u00a0\u00bb||0px|||\u00a0\u00bb global_colors_info=\u00a0\u00bb{}\u00a0\u00bb]<\/p>\n<h4 style=\"text-align: center;\"><em><span style=\"color: #103859;\"><strong>AV2M Reyclage<\/strong> propose une large gamme de granulats recycl\u00e9s de qualit\u00e9s adapt\u00e9e \u00e0 votre demande.<\/span><\/em><\/h4>\n<p>[\/et_pb_text][\/et_pb_column][\/et_pb_row][et_pb_row column_structure=\u00a0\u00bb1_3,1_3,1_3&Prime; _builder_version=\u00a0\u00bb4.21.0&Prime; _module_preset=\u00a0\u00bbdefault\u00a0\u00bb global_colors_info=\u00a0\u00bb{}\u00a0\u00bb][et_pb_column type=\u00a0\u00bb1_3&Prime; _builder_version=\u00a0\u00bb4.21.0&Prime; _module_preset=\u00a0\u00bbdefault\u00a0\u00bb global_colors_info=\u00a0\u00bb{}\u00a0\u00bb][et_pb_image src=\u00a0\u00bbhttps:\/\/www.av2m.eu\/wp-content\/uploads\/2023\/09\/Tous-venant.webp\u00a0\u00bb alt=\u00a0\u00bbTous venant \u00e0 Aix-en-Provence et Marseille chez AV2M Recyclable \u00a0\u00bb title_text=\u00a0\u00bbTous venant\u00a0\u00bb _builder_version=\u00a0\u00bb4.21.0&Prime; _module_preset=\u00a0\u00bbdefault\u00a0\u00bb min_height=\u00a0\u00bb291.4px\u00a0\u00bb hover_enabled=\u00a0\u00bb0&Prime; global_colors_info=\u00a0\u00bb{}\u00a0\u00bb sticky_enabled=\u00a0\u00bb0&Prime;][\/et_pb_image][et_pb_text _builder_version=\u00a0\u00bb4.21.0&Prime; _module_preset=\u00a0\u00bbdefault\u00a0\u00bb text_font=\u00a0\u00bbABeeZee||||||||\u00a0\u00bb background_color=\u00a0\u00bb#282828&Prime; text_orientation=\u00a0\u00bbcenter\u00a0\u00bb min_height=\u00a0\u00bb16px\u00a0\u00bb custom_margin=\u00a0\u00bb-28px|||||\u00a0\u00bb custom_padding=\u00a0\u00bb10px|||||\u00a0\u00bb hover_enabled=\u00a0\u00bb0&Prime; global_colors_info=\u00a0\u00bb{}\u00a0\u00bb sticky_enabled=\u00a0\u00bb0&Prime;]<\/p>\n<h3 style=\"text-align: center;\"><span style=\"color: #ffffff;\">Tout venant<\/span><span style=\"color: #ffffff;\"><\/span><\/h3>\n<p>[\/et_pb_text][\/et_pb_column][et_pb_column type=\u00a0\u00bb1_3&Prime; _builder_version=\u00a0\u00bb4.21.0&Prime; _module_preset=\u00a0\u00bbdefault\u00a0\u00bb global_colors_info=\u00a0\u00bb{}\u00a0\u00bb][et_pb_image src=\u00a0\u00bbhttps:\/\/www.av2m.eu\/wp-content\/uploads\/2023\/09\/1020.webp\u00a0\u00bb alt=\u00a0\u00bbGraviers 10\/20 disponibles chez AV2M Recyclage Marseille et Aix-en-Provence\u00a0\u00bb title_text=\u00a0\u00bbgraviers 10:20&Prime; _builder_version=\u00a0\u00bb4.21.0&Prime; _module_preset=\u00a0\u00bbdefault\u00a0\u00bb min_height=\u00a0\u00bb291.4px\u00a0\u00bb global_colors_info=\u00a0\u00bb{}\u00a0\u00bb][\/et_pb_image][et_pb_text _builder_version=\u00a0\u00bb4.21.0&Prime; _module_preset=\u00a0\u00bbdefault\u00a0\u00bb text_font=\u00a0\u00bbABeeZee||||||||\u00a0\u00bb background_color=\u00a0\u00bb#282828&Prime; text_orientation=\u00a0\u00bbcenter\u00a0\u00bb min_height=\u00a0\u00bb16px\u00a0\u00bb custom_margin=\u00a0\u00bb-28px|||||\u00a0\u00bb custom_padding=\u00a0\u00bb10px|||||\u00a0\u00bb hover_enabled=\u00a0\u00bb0&Prime; global_colors_info=\u00a0\u00bb{}\u00a0\u00bb sticky_enabled=\u00a0\u00bb0&Prime;]<\/p>\n<h3 style=\"text-align: center;\"><span style=\"color: #ffffff;\">Gravier<\/span><span style=\"color: #ffffff;\"><\/span><\/h3>\n<p>[\/et_pb_text][\/et_pb_column][et_pb_column type=\u00a0\u00bb1_3&Prime; _builder_version=\u00a0\u00bb4.21.0&Prime; _module_preset=\u00a0\u00bbdefault\u00a0\u00bb global_colors_info=\u00a0\u00bb{}\u00a0\u00bb][et_pb_image src=\u00a0\u00bbhttps:\/\/www.av2m.eu\/wp-content\/uploads\/2023\/09\/enrochement_Plan-de-travail-1.webp\u00a0\u00bb alt=\u00a0\u00bbEnrochements AV2M Recyclage &#8211; Marseille Aix-en-Provence PACA\u00a0\u00bb title_text=\u00a0\u00bbenrochements AV2M Recyclage\u00a0\u00bb _builder_version=\u00a0\u00bb4.21.0&Prime; _module_preset=\u00a0\u00bbdefault\u00a0\u00bb min_height=\u00a0\u00bb291.4px\u00a0\u00bb global_colors_info=\u00a0\u00bb{}\u00a0\u00bb][\/et_pb_image][et_pb_text _builder_version=\u00a0\u00bb4.21.0&Prime; _module_preset=\u00a0\u00bbdefault\u00a0\u00bb text_font=\u00a0\u00bbABeeZee||||||||\u00a0\u00bb background_color=\u00a0\u00bb#282828&Prime; text_orientation=\u00a0\u00bbcenter\u00a0\u00bb min_height=\u00a0\u00bb16px\u00a0\u00bb custom_margin=\u00a0\u00bb-28px|||||\u00a0\u00bb custom_padding=\u00a0\u00bb10px|||||\u00a0\u00bb hover_enabled=\u00a0\u00bb0&Prime; global_colors_info=\u00a0\u00bb{}\u00a0\u00bb sticky_enabled=\u00a0\u00bb0&Prime;]<\/p>\n<h3 style=\"text-align: center;\"><span style=\"color: #ffffff;\">Enrochement<\/span><span style=\"color: #ffffff;\"><\/span><\/h3>\n<p>[\/et_pb_text][\/et_pb_column][\/et_pb_row][et_pb_row column_structure=\u00a0\u00bb1_3,1_3,1_3&Prime; _builder_version=\u00a0\u00bb4.21.0&Prime; _module_preset=\u00a0\u00bbdefault\u00a0\u00bb global_colors_info=\u00a0\u00bb{}\u00a0\u00bb][et_pb_column type=\u00a0\u00bb1_3&Prime; _builder_version=\u00a0\u00bb4.21.0&Prime; _module_preset=\u00a0\u00bbdefault\u00a0\u00bb global_colors_info=\u00a0\u00bb{}\u00a0\u00bb][et_pb_image src=\u00a0\u00bbhttps:\/\/avmeuen.cluster023.hosting.ovh.net\/wp-content\/uploads\/2023\/07\/graviers_Plan-de-travail-1.webp\u00a0\u00bb title_text=\u00a0\u00bbgraviers_Plan de travail 1&Prime; _builder_version=\u00a0\u00bb4.21.0&Prime; _module_preset=\u00a0\u00bbdefault\u00a0\u00bb min_height=\u00a0\u00bb291.4px\u00a0\u00bb global_colors_info=\u00a0\u00bb{}\u00a0\u00bb][\/et_pb_image][et_pb_text _builder_version=\u00a0\u00bb4.21.0&Prime; _module_preset=\u00a0\u00bbdefault\u00a0\u00bb text_font=\u00a0\u00bbABeeZee||||||||\u00a0\u00bb background_color=\u00a0\u00bb#282828&Prime; text_orientation=\u00a0\u00bbcenter\u00a0\u00bb min_height=\u00a0\u00bb16px\u00a0\u00bb custom_margin=\u00a0\u00bb-28px|||||\u00a0\u00bb custom_padding=\u00a0\u00bb10px|||||\u00a0\u00bb hover_enabled=\u00a0\u00bb0&Prime; global_colors_info=\u00a0\u00bb{}\u00a0\u00bb sticky_enabled=\u00a0\u00bb0&Prime;]<\/p>\n<h3 style=\"text-align: center;\"><span style=\"color: #ffffff;\">Ballast<\/span><span style=\"color: #ffffff;\"><\/span><\/h3>\n<p>[\/et_pb_text][\/et_pb_column][et_pb_column type=\u00a0\u00bb1_3&Prime; _builder_version=\u00a0\u00bb4.21.0&Prime; _module_preset=\u00a0\u00bbdefault\u00a0\u00bb global_colors_info=\u00a0\u00bb{}\u00a0\u00bb][et_pb_image src=\u00a0\u00bbhttps:\/\/www.av2m.eu\/wp-content\/uploads\/2023\/09\/610.webp\u00a0\u00bb alt=\u00a0\u00bbGraviers 6\/10 disponible chez AV2M Recyclage Marseille et Aix-en-Provence\u00a0\u00bb title_text=\u00a0\u00bbGraviers 6\/10&Prime; _builder_version=\u00a0\u00bb4.21.0&Prime; _module_preset=\u00a0\u00bbdefault\u00a0\u00bb min_height=\u00a0\u00bb291.4px\u00a0\u00bb global_colors_info=\u00a0\u00bb{}\u00a0\u00bb][\/et_pb_image][et_pb_text _builder_version=\u00a0\u00bb4.21.0&Prime; _module_preset=\u00a0\u00bbdefault\u00a0\u00bb text_font=\u00a0\u00bbABeeZee||||||||\u00a0\u00bb background_color=\u00a0\u00bb#282828&Prime; text_orientation=\u00a0\u00bbcenter\u00a0\u00bb min_height=\u00a0\u00bb16px\u00a0\u00bb custom_margin=\u00a0\u00bb-28px|||||\u00a0\u00bb custom_padding=\u00a0\u00bb10px|||||\u00a0\u00bb hover_enabled=\u00a0\u00bb0&Prime; global_colors_info=\u00a0\u00bb{}\u00a0\u00bb sticky_enabled=\u00a0\u00bb0&Prime;]<\/p>\n<h3 style=\"text-align: center;\"><span style=\"color: #ffffff;\">Grain de riz<\/span><span style=\"color: #ffffff;\"><\/span><\/h3>\n<p>[\/et_pb_text][\/et_pb_column][et_pb_column type=\u00a0\u00bb1_3&Prime; _builder_version=\u00a0\u00bb4.21.0&Prime; _module_preset=\u00a0\u00bbdefault\u00a0\u00bb global_colors_info=\u00a0\u00bb{}\u00a0\u00bb][et_pb_image src=\u00a0\u00bbhttps:\/\/www.av2m.eu\/wp-content\/uploads\/2023\/09\/sable_Plan-de-travail-1.webp\u00a0\u00bb alt=\u00a0\u00bbSable AV2M Recyclage &#8211; mat\u00e9riaux recycl\u00e9s \u00e0 Marseille et Aix-en-Provence\u00a0\u00bb title_text=\u00a0\u00bbSable\u00a0\u00bb _builder_version=\u00a0\u00bb4.21.0&Prime; _module_preset=\u00a0\u00bbdefault\u00a0\u00bb min_height=\u00a0\u00bb291.4px\u00a0\u00bb global_colors_info=\u00a0\u00bb{}\u00a0\u00bb][\/et_pb_image][et_pb_text _builder_version=\u00a0\u00bb4.21.0&Prime; _module_preset=\u00a0\u00bbdefault\u00a0\u00bb text_font=\u00a0\u00bbABeeZee||||||||\u00a0\u00bb background_color=\u00a0\u00bb#282828&Prime; text_orientation=\u00a0\u00bbcenter\u00a0\u00bb min_height=\u00a0\u00bb16px\u00a0\u00bb custom_margin=\u00a0\u00bb-28px|||||\u00a0\u00bb custom_padding=\u00a0\u00bb10px|||||\u00a0\u00bb global_colors_info=\u00a0\u00bb{}\u00a0\u00bb]<\/p>\n<h3 style=\"text-align: center;\"><span style=\"color: #ffffff;\">Sable<\/span><span style=\"color: #ffffff;\"><\/span><\/h3>\n<p>[\/et_pb_text][\/et_pb_column][\/et_pb_row][et_pb_row column_structure=\u00a0\u00bb1_3,1_3,1_3&Prime; _builder_version=\u00a0\u00bb4.21.0&Prime; _module_preset=\u00a0\u00bbdefault\u00a0\u00bb global_colors_info=\u00a0\u00bb{}\u00a0\u00bb][et_pb_column type=\u00a0\u00bb1_3&Prime; _builder_version=\u00a0\u00bb4.21.0&Prime; _module_preset=\u00a0\u00bbdefault\u00a0\u00bb global_colors_info=\u00a0\u00bb{}\u00a0\u00bb][et_pb_image src=\u00a0\u00bbhttps:\/\/www.av2m.eu\/wp-content\/uploads\/2023\/09\/Terres-vegetales_Plan-de-travail-1.webp\u00a0\u00bb alt=\u00a0\u00bbTerre v\u00e9g\u00e9tale AV2M Recyclage \u00e0 Aix-Marseille\u00a0\u00bb title_text=\u00a0\u00bbTerre v\u00e9g\u00e9tale AV2M Recyclage\u00a0\u00bb _builder_version=\u00a0\u00bb4.21.0&Prime; _module_preset=\u00a0\u00bbdefault\u00a0\u00bb min_height=\u00a0\u00bb291.4px\u00a0\u00bb global_colors_info=\u00a0\u00bb{}\u00a0\u00bb][\/et_pb_image][et_pb_text _builder_version=\u00a0\u00bb4.21.0&Prime; _module_preset=\u00a0\u00bbdefault\u00a0\u00bb text_font=\u00a0\u00bbABeeZee||||||||\u00a0\u00bb background_color=\u00a0\u00bb#282828&Prime; text_orientation=\u00a0\u00bbcenter\u00a0\u00bb min_height=\u00a0\u00bb16px\u00a0\u00bb custom_margin=\u00a0\u00bb-28px|||||\u00a0\u00bb custom_padding=\u00a0\u00bb10px|||||\u00a0\u00bb hover_enabled=\u00a0\u00bb0&Prime; global_colors_info=\u00a0\u00bb{}\u00a0\u00bb sticky_enabled=\u00a0\u00bb0&Prime;]<\/p>\n<h3 style=\"text-align: center;\"><span style=\"color: #ffffff;\">Terre v\u00e9g\u00e9tale<\/span><span style=\"color: #ffffff;\"><\/span><\/h3>\n<p>[\/et_pb_text][\/et_pb_column][et_pb_column type=\u00a0\u00bb1_3&Prime; _builder_version=\u00a0\u00bb4.21.0&Prime; _module_preset=\u00a0\u00bbdefault\u00a0\u00bb global_colors_info=\u00a0\u00bb{}\u00a0\u00bb][et_pb_image src=\u00a0\u00bbhttps:\/\/www.av2m.eu\/wp-content\/uploads\/2023\/09\/Autres-demandes.webp\u00a0\u00bb alt=\u00a0\u00bbD\u00e9couvrez les mat\u00e9riaux recycl\u00e9s et revaloris\u00e9s dans nos carri\u00e8res AV2M Recyclage dans la r\u00e9gion PACA.\u00a0\u00bb title_text=\u00a0\u00bbAutres demandes\u00a0\u00bb _builder_version=\u00a0\u00bb4.21.0&Prime; _module_preset=\u00a0\u00bbdefault\u00a0\u00bb min_height=\u00a0\u00bb291.4px\u00a0\u00bb global_colors_info=\u00a0\u00bb{}\u00a0\u00bb][\/et_pb_image][et_pb_text _builder_version=\u00a0\u00bb4.21.0&Prime; _module_preset=\u00a0\u00bbdefault\u00a0\u00bb text_font=\u00a0\u00bbABeeZee||||||||\u00a0\u00bb background_color=\u00a0\u00bb#282828&Prime; text_orientation=\u00a0\u00bbcenter\u00a0\u00bb min_height=\u00a0\u00bb16px\u00a0\u00bb custom_margin=\u00a0\u00bb-28px|||||\u00a0\u00bb custom_padding=\u00a0\u00bb10px|||||\u00a0\u00bb hover_enabled=\u00a0\u00bb0&Prime; global_colors_info=\u00a0\u00bb{}\u00a0\u00bb sticky_enabled=\u00a0\u00bb0&Prime;]<\/p>\n<h3 style=\"text-align: center;\"><span style=\"color: #ffffff;\">Autre sur demande<\/span><\/h3>\n<p>[\/et_pb_text][\/et_pb_column][et_pb_column type=\u00a0\u00bb1_3&Prime; _builder_version=\u00a0\u00bb4.21.0&Prime; _module_preset=\u00a0\u00bbdefault\u00a0\u00bb global_colors_info=\u00a0\u00bb{}\u00a0\u00bb][\/et_pb_column][\/et_pb_row][et_pb_row _builder_version=\u00a0\u00bb4.21.0&Prime; _module_preset=\u00a0\u00bbdefault\u00a0\u00bb global_colors_info=\u00a0\u00bb{}\u00a0\u00bb][et_pb_column type=\u00a0\u00bb4_4&Prime; _builder_version=\u00a0\u00bb4.21.0&Prime; _module_preset=\u00a0\u00bbdefault\u00a0\u00bb global_colors_info=\u00a0\u00bb{}\u00a0\u00bb][et_pb_toggle title=\u00a0\u00bbNos tarifs pour les particuliers\u00a0\u00bb open_toggle_text_color=\u00a0\u00bb#103859&Prime; open_toggle_background_color=\u00a0\u00bb#FFFFFF\u00a0\u00bb closed_toggle_text_color=\u00a0\u00bb#FFFFFF\u00a0\u00bb closed_toggle_background_color=\u00a0\u00bb#8ABD24&Prime; toggle_icon=\u00a0\u00bb&#x3f;||divi||400&Prime; open_icon_color=\u00a0\u00bb#103859&Prime; open_toggle_icon=\u00a0\u00bb&#x3e;||divi||400&Prime; _builder_version=\u00a0\u00bb4.21.0&Prime; _module_preset=\u00a0\u00bbdefault\u00a0\u00bb title_text_color=\u00a0\u00bb#282828&Prime; title_font=\u00a0\u00bbABeeZee|700|||||||\u00a0\u00bb closed_title_font=\u00a0\u00bbABeeZee||||||||\u00a0\u00bb background_color=\u00a0\u00bb#FFFFFF\u00a0\u00bb border_color_all=\u00a0\u00bb#8ABD24&Prime; inline_fonts=\u00a0\u00bbABeeZee\u00a0\u00bb global_colors_info=\u00a0\u00bb{}\u00a0\u00bb]<\/p>\n<h2 style=\"text-align: center;\"><span style=\"color: #103859;\"><strong>Mise en d\u00e9charge : Montant de d\u00e9charge TTC<\/strong><\/span><\/h2>\n<table border=\"1\" style=\"border-collapse: collapse; width: 100%; height: 96px;\">\n<tbody>\n<tr style=\"height: 24px;\">\n<td style=\"width: 16.6667%; height: 24px;\"><\/td>\n<td style=\"width: 16.6667%; height: 24px; text-align: center;\"><span style=\"color: #00903a; font-family: ABeeZee; font-weight: normal;\"><strong>Camion 3.5T<\/strong><\/span><\/td>\n<td style=\"width: 16.6667%; height: 24px; text-align: center;\"><span style=\"color: #00903a; font-family: ABeeZee; font-weight: normal;\"><strong>Camion 4&#215;2<\/strong><\/span><\/td>\n<td style=\"width: 16.6667%; height: 24px; text-align: center;\"><span style=\"color: #00903a; font-family: ABeeZee; font-weight: normal;\"><strong>Camion 6&#215;4<\/strong><\/span><\/td>\n<td style=\"width: 16.6667%; height: 24px; text-align: center;\"><span style=\"color: #00903a; font-family: ABeeZee; font-weight: normal;\"><strong>Camion 8&#215;4<\/strong><\/span><\/td>\n<td style=\"width: 16.6667%; height: 24px; text-align: center;\"><span style=\"color: #00903a; font-family: ABeeZee; font-weight: normal;\"><strong>Semi<\/strong><\/span><\/td>\n<\/tr>\n<tr style=\"height: 24px;\">\n<td style=\"width: 16.6667%; height: 24px;\"><span style=\"color: #00903a; font-family: ABeeZee; font-weight: normal;\"><strong>D\u00e9molition propre<\/strong><\/span><\/td>\n<td style=\"width: 16.6667%; text-align: right; height: 24px;\">40,00 \u20ac<\/td>\n<td style=\"width: 16.6667%; text-align: right; height: 24px;\">130,00 \u20ac<\/td>\n<td style=\"width: 16.6667%; text-align: right; height: 24px;\">190,00 \u20ac<\/td>\n<td style=\"width: 16.6667%; text-align: right; height: 24px;\">250,00 \u20ac<\/td>\n<td style=\"width: 16.6667%; text-align: right; height: 24px;\">380,00 \u20ac<\/td>\n<\/tr>\n<tr style=\"height: 24px;\">\n<td style=\"width: 16.6667%; height: 24px;\"><span style=\"color: #00903a; font-family: ABeeZee; font-weight: normal;\"><strong>D\u00e9molition ferraill\u00e9e<\/strong><\/span><\/td>\n<td style=\"width: 16.6667%; text-align: right; height: 24px;\">75,00 \u20ac<\/td>\n<td style=\"width: 16.6667%; text-align: right; height: 24px;\">260,00 \u20ac<\/td>\n<td style=\"width: 16.6667%; text-align: right; height: 24px;\">380,00 \u20ac<\/td>\n<td style=\"width: 16.6667%; text-align: right; height: 24px;\">500,00 \u20ac<\/td>\n<td style=\"width: 16.6667%; text-align: right; height: 24px;\">750,00 \u20ac<\/td>\n<\/tr>\n<tr style=\"height: 24px;\">\n<td style=\"width: 16.6667%; height: 24px;\"><span style=\"color: #00903a; font-family: ABeeZee; font-weight: normal;\"><strong>Gravats d&rsquo;enrob\u00e9s<\/strong><\/span><\/td>\n<td style=\"width: 16.6667%; text-align: right; height: 24px;\">45,00 \u20ac<\/td>\n<td style=\"width: 16.6667%; text-align: right; height: 24px;\">195,00 \u20ac<\/td>\n<td style=\"width: 16.6667%; text-align: right; height: 24px;\">195,00 \u20ac<\/td>\n<td style=\"width: 16.6667%; text-align: right; height: 24px;\">255,00 \u20ac<\/td>\n<td style=\"width: 16.6667%; text-align: right; height: 24px;\">385,00 \u20ac<\/td>\n<\/tr>\n<\/tbody>\n<\/table>\n<h2 style=\"text-align: center;\"><span style=\"color: #103859;\"><strong>Vente de mat\u00e9riaux :<\/strong><\/span><\/h2>\n<table border=\"1\" style=\"border-collapse: collapse; width: 100%;\">\n<tbody>\n<tr>\n<td style=\"width: 50%;\"><\/td>\n<td style=\"width: 50%; text-align: right;\"><span style=\"color: #00903a; font-family: ABeeZee; font-weight: normal;\"><strong>P.U \u00e0 la tonne TTC<\/strong><\/span><\/td>\n<\/tr>\n<tr>\n<td style=\"width: 50%;\"><span style=\"color: #00903a; font-family: ABeeZee; font-weight: normal;\"><strong>Sable \u00e0 tranch\u00e9e recycl\u00e9 0\/6<\/strong><\/span><\/td>\n<td style=\"width: 50%; text-align: right;\">12,00 \u20ac<\/td>\n<\/tr>\n<tr>\n<td style=\"width: 50%;\"><span style=\"color: #00903a; font-family: ABeeZee; font-weight: normal;\"><strong>Gravier 6\/10 recycl\u00e9<\/strong><\/span><\/td>\n<td style=\"width: 50%; text-align: right;\">19,00 \u20ac<\/td>\n<\/tr>\n<tr>\n<td style=\"width: 50%;\"><span style=\"color: #00903a; font-family: ABeeZee; font-weight: normal;\"><strong>Gravier 10\/20 recycl\u00e9<\/strong><\/span><\/td>\n<td style=\"width: 50%; text-align: right;\">17,00 \u20ac<\/td>\n<\/tr>\n<tr>\n<td style=\"width: 50%;\"><span style=\"color: #00903a; font-family: ABeeZee; font-weight: normal;\"><strong>Ballast 30\/20 recycl\u00e9<\/strong><\/span><\/td>\n<td style=\"width: 50%; text-align: right;\">10,00 \u20ac<\/td>\n<\/tr>\n<tr>\n<td style=\"width: 50%;\"><span style=\"color: #00903a; font-family: ABeeZee; font-weight: normal;\"><strong>Tout venant 0\/20 recycl\u00e9<\/strong><\/span><\/td>\n<td style=\"width: 50%; text-align: right;\">12,00 \u20ac<\/td>\n<\/tr>\n<tr>\n<td style=\"width: 50%;\"><span style=\"color: #00903a; font-family: ABeeZee; font-weight: normal;\"><strong>Terre v\u00e9g\u00e9tale tamis\u00e9e<\/strong><\/span><\/td>\n<td style=\"width: 50%; text-align: right;\">15,00 \u20ac<\/td>\n<\/tr>\n<\/tbody>\n<\/table>\n<p><em>Sous r\u00e9serve de disponibilit\u00e9 \u00e0 la commande<\/em><\/p>\n<p><em><\/em><\/p>\n<div class=\"page\" title=\"Page 1\">\n<div class=\"layoutArea\">\n<div class=\"column\">\n<p><span>POSSIBILITE DE LIVRAISON (minimum 10 Tonnes) : NOUS CONSULTER<br \/>POSSIBILITE DE BIG BAGS : NOUS CONSULTER<\/span><\/p>\n<p><span><em>Conditions de vente :\u00a0<\/em><br \/>PAIEMENT CB UNIQUEMENT<\/span><span><\/span><\/p>\n<\/div>\n<\/div>\n<\/div>\n<p>[\/et_pb_toggle][\/et_pb_column][\/et_pb_row][et_pb_row column_structure=\u00a0\u00bb1_3,2_3&Prime; _builder_version=\u00a0\u00bb4.21.0&Prime; _module_preset=\u00a0\u00bbdefault\u00a0\u00bb global_colors_info=\u00a0\u00bb{}\u00a0\u00bb][et_pb_column type=\u00a0\u00bb1_3&Prime; _builder_version=\u00a0\u00bb4.21.0&Prime; _module_preset=\u00a0\u00bbdefault\u00a0\u00bb global_colors_info=\u00a0\u00bb{}\u00a0\u00bb][et_pb_icon font_icon=\u00a0\u00bb&#xf4df;||fa||900&Prime; icon_color=\u00a0\u00bb#103859&Prime; icon_width=\u00a0\u00bb68px\u00a0\u00bb align=\u00a0\u00bbright\u00a0\u00bb align_tablet=\u00a0\u00bbcenter\u00a0\u00bb align_phone=\u00a0\u00bbcenter\u00a0\u00bb align_last_edited=\u00a0\u00bbon|tablet\u00a0\u00bb _builder_version=\u00a0\u00bb4.21.0&Prime; _module_preset=\u00a0\u00bbdefault\u00a0\u00bb global_colors_info=\u00a0\u00bb{}\u00a0\u00bb][\/et_pb_icon][\/et_pb_column][et_pb_column type=\u00a0\u00bb2_3&Prime; _builder_version=\u00a0\u00bb4.21.0&Prime; _module_preset=\u00a0\u00bbdefault\u00a0\u00bb global_colors_info=\u00a0\u00bb{}\u00a0\u00bb][et_pb_text _builder_version=\u00a0\u00bb4.21.0&Prime; _module_preset=\u00a0\u00bbdefault\u00a0\u00bb text_font=\u00a0\u00bbABeeZee||||||||\u00a0\u00bb text_text_color=\u00a0\u00bb#103859&Prime; header_font=\u00a0\u00bbABeeZee||||||||\u00a0\u00bb inline_fonts=\u00a0\u00bbABeeZee\u00a0\u00bb global_colors_info=\u00a0\u00bb{}\u00a0\u00bb]<\/p>\n<h3><span style=\"font-family: ABeeZee; font-weight: normal; color: #00903a;\">TRANSPORT \/ LIVRAISON<\/span><\/h3>\n<p>Tous nos prix incluent le chargement des mat\u00e9riaux au d\u00e9part de notre plateforme.<br \/>Possibilit\u00e9 de transporter les mat\u00e9riaux jusque ou depuis votre chantier (Minimum de 10 tonnes)<\/p>\n<p>[\/et_pb_text][\/et_pb_column][\/et_pb_row][et_pb_row _builder_version=\u00a0\u00bb4.21.0&Prime; _module_preset=\u00a0\u00bbdefault\u00a0\u00bb global_colors_info=\u00a0\u00bb{}\u00a0\u00bb][et_pb_column type=\u00a0\u00bb4_4&Prime; _builder_version=\u00a0\u00bb4.21.0&Prime; _module_preset=\u00a0\u00bbdefault\u00a0\u00bb global_colors_info=\u00a0\u00bb{}\u00a0\u00bb][et_pb_button button_url=\u00a0\u00bb@ET-DC@eyJkeW5hbWljIjp0cnVlLCJjb250ZW50IjoicG9zdF9saW5rX3VybF9wYWdlIiwic2V0dGluZ3MiOnsicG9zdF9pZCI6IjUxIn19@\u00a0\u00bb url_new_window=\u00a0\u00bbon\u00a0\u00bb button_text=\u00a0\u00bbDEMANDER UN DEVIS\u00a0\u00bb button_alignment=\u00a0\u00bbcenter\u00a0\u00bb _builder_version=\u00a0\u00bb4.21.0&Prime; _dynamic_attributes=\u00a0\u00bbbutton_url\u00a0\u00bb _module_preset=\u00a0\u00bbdefault\u00a0\u00bb custom_button=\u00a0\u00bbon\u00a0\u00bb button_text_color=\u00a0\u00bb#FFFFFF\u00a0\u00bb button_bg_color=\u00a0\u00bb#103859&Prime; button_border_width=\u00a0\u00bb2px\u00a0\u00bb button_font=\u00a0\u00bbABeeZee||||||||\u00a0\u00bb global_colors_info=\u00a0\u00bb{}\u00a0\u00bb][\/et_pb_button][\/et_pb_column][\/et_pb_row][\/et_pb_section]<\/p>\n","protected":false},"excerpt":{"rendered":"<p>AV2M Reyclage propose une large gamme de granulats recycl\u00e9s de qualit\u00e9s adapt\u00e9e \u00e0 votre demande.Tout venantGravierEnrochementBallastGrain de rizSableTerre v\u00e9g\u00e9taleAutre sur demandeMise en d\u00e9charge : Montant de d\u00e9charge TTC Camion 3.5T Camion 4&#215;2 Camion 6&#215;4 Camion 8&#215;4 Semi D\u00e9molition propre 40,00 \u20ac 130,00 \u20ac 190,00 \u20ac 250,00 \u20ac 380,00 \u20ac D\u00e9molition ferraill\u00e9e 75,00 \u20ac 260,00 \u20ac [&hellip;]<\/p>\n","protected":false},"author":1,"featured_media":0,"parent":0,"menu_order":0,"comment_status":"closed","ping_status":"closed","template":"","meta":{"_et_pb_use_builder":"on","_et_pb_old_content":"","_et_gb_content_width":"","_monsterinsights_skip_tracking":false,"_monsterinsights_sitenote_active":false,"_monsterinsights_sitenote_note":"","_monsterinsights_sitenote_category":0,"footnotes":""},"class_list":["post-49","page","type-page","status-publish","hentry"],"yoast_head":"<!-- This site is optimized with the Yoast SEO plugin v21.3 - https:\/\/yoast.com\/wordpress\/plugins\/seo\/ -->\n<title>NOS PRODUITS &amp; MAT\u00c9RIAUX RECYCL\u00c9S - AV2M Recyclage<\/title>\n<meta name=\"robots\" content=\"index, follow, max-snippet:-1, max-image-preview:large, max-video-preview:-1\" \/>\n<link rel=\"canonical\" href=\"https:\/\/www.av2m.eu\/index.php\/nos-produits\/\" \/>\n<meta property=\"og:locale\" content=\"fr_FR\" \/>\n<meta property=\"og:type\" content=\"article\" \/>\n<meta property=\"og:title\" content=\"NOS PRODUITS &amp; MAT\u00c9RIAUX RECYCL\u00c9S - AV2M Recyclage\" \/>\n<meta property=\"og:description\" content=\"AV2M Reyclage propose une large gamme de granulats recycl\u00e9s de qualit\u00e9s adapt\u00e9e \u00e0 votre demande.Tout venantGravierEnrochementBallastGrain de rizSableTerre v\u00e9g\u00e9taleAutre sur demandeMise en d\u00e9charge : Montant de d\u00e9charge TTC Camion 3.5T Camion 4x2 Camion 6x4 Camion 8x4 Semi D\u00e9molition propre 40,00 \u20ac 130,00 \u20ac 190,00 \u20ac 250,00 \u20ac 380,00 \u20ac D\u00e9molition ferraill\u00e9e 75,00 \u20ac 260,00 \u20ac [&hellip;]\" \/>\n<meta property=\"og:url\" content=\"https:\/\/www.av2m.eu\/index.php\/nos-produits\/\" \/>\n<meta property=\"og:site_name\" content=\"AV2M Recyclage\" \/>\n<meta property=\"article:modified_time\" content=\"2023-09-24T22:49:51+00:00\" \/>\n<meta name=\"twitter:card\" content=\"summary_large_image\" \/>\n<meta name=\"twitter:label1\" content=\"Dur\u00e9e de lecture estim\u00e9e\" \/>\n\t<meta name=\"twitter:data1\" content=\"7 minutes\" \/>\n<script type=\"application\/ld+json\" class=\"yoast-schema-graph\">{\"@context\":\"https:\/\/schema.org\",\"@graph\":[{\"@type\":\"WebPage\",\"@id\":\"https:\/\/www.av2m.eu\/index.php\/nos-produits\/\",\"url\":\"https:\/\/www.av2m.eu\/index.php\/nos-produits\/\",\"name\":\"NOS PRODUITS & MAT\u00c9RIAUX RECYCL\u00c9S - AV2M Recyclage\",\"isPartOf\":{\"@id\":\"https:\/\/www.av2m.eu\/#website\"},\"datePublished\":\"2023-07-11T14:52:39+00:00\",\"dateModified\":\"2023-09-24T22:49:51+00:00\",\"breadcrumb\":{\"@id\":\"https:\/\/www.av2m.eu\/index.php\/nos-produits\/#breadcrumb\"},\"inLanguage\":\"fr-FR\",\"potentialAction\":[{\"@type\":\"ReadAction\",\"target\":[\"https:\/\/www.av2m.eu\/index.php\/nos-produits\/\"]}]},{\"@type\":\"BreadcrumbList\",\"@id\":\"https:\/\/www.av2m.eu\/index.php\/nos-produits\/#breadcrumb\",\"itemListElement\":[{\"@type\":\"ListItem\",\"position\":1,\"name\":\"Accueil\",\"item\":\"https:\/\/www.av2m.eu\/\"},{\"@type\":\"ListItem\",\"position\":2,\"name\":\"NOS PRODUITS &#038; MAT\u00c9RIAUX RECYCL\u00c9S\"}]},{\"@type\":\"WebSite\",\"@id\":\"https:\/\/www.av2m.eu\/#website\",\"url\":\"https:\/\/www.av2m.eu\/\",\"name\":\"AV2M Recyclage\",\"description\":\"Plateformes de tri, de traitement et de revalorisation de mat\u00e9riaux\",\"publisher\":{\"@id\":\"https:\/\/www.av2m.eu\/#organization\"},\"potentialAction\":[{\"@type\":\"SearchAction\",\"target\":{\"@type\":\"EntryPoint\",\"urlTemplate\":\"https:\/\/www.av2m.eu\/?s={search_term_string}\"},\"query-input\":\"required name=search_term_string\"}],\"inLanguage\":\"fr-FR\"},{\"@type\":\"Organization\",\"@id\":\"https:\/\/www.av2m.eu\/#organization\",\"name\":\"AV2M Recyclage\",\"url\":\"https:\/\/www.av2m.eu\/\",\"logo\":{\"@type\":\"ImageObject\",\"inLanguage\":\"fr-FR\",\"@id\":\"https:\/\/www.av2m.eu\/#\/schema\/logo\/image\/\",\"url\":\"https:\/\/www.av2m.eu\/wp-content\/uploads\/2023\/07\/Logo-AV2M-web.webp\",\"contentUrl\":\"https:\/\/www.av2m.eu\/wp-content\/uploads\/2023\/07\/Logo-AV2M-web.webp\",\"width\":1028,\"height\":270,\"caption\":\"AV2M Recyclage\"},\"image\":{\"@id\":\"https:\/\/www.av2m.eu\/#\/schema\/logo\/image\/\"},\"sameAs\":[\"https:\/\/www.instagram.com\/av2m_recyclage\/\"]}]}<\/script>\n<!-- \/ Yoast SEO plugin. -->","yoast_head_json":{"title":"NOS PRODUITS & MAT\u00c9RIAUX RECYCL\u00c9S - AV2M Recyclage","robots":{"index":"index","follow":"follow","max-snippet":"max-snippet:-1","max-image-preview":"max-image-preview:large","max-video-preview":"max-video-preview:-1"},"canonical":"https:\/\/www.av2m.eu\/index.php\/nos-produits\/","og_locale":"fr_FR","og_type":"article","og_title":"NOS PRODUITS & MAT\u00c9RIAUX RECYCL\u00c9S - AV2M Recyclage","og_description":"AV2M Reyclage propose une large gamme de granulats recycl\u00e9s de qualit\u00e9s adapt\u00e9e \u00e0 votre demande.Tout venantGravierEnrochementBallastGrain de rizSableTerre v\u00e9g\u00e9taleAutre sur demandeMise en d\u00e9charge : Montant de d\u00e9charge TTC Camion 3.5T Camion 4x2 Camion 6x4 Camion 8x4 Semi D\u00e9molition propre 40,00 \u20ac 130,00 \u20ac 190,00 \u20ac 250,00 \u20ac 380,00 \u20ac D\u00e9molition ferraill\u00e9e 75,00 \u20ac 260,00 \u20ac [&hellip;]","og_url":"https:\/\/www.av2m.eu\/index.php\/nos-produits\/","og_site_name":"AV2M Recyclage","article_modified_time":"2023-09-24T22:49:51+00:00","twitter_card":"summary_large_image","twitter_misc":{"Dur\u00e9e de lecture estim\u00e9e":"7 minutes"},"schema":{"@context":"https:\/\/schema.org","@graph":[{"@type":"WebPage","@id":"https:\/\/www.av2m.eu\/index.php\/nos-produits\/","url":"https:\/\/www.av2m.eu\/index.php\/nos-produits\/","name":"NOS PRODUITS & MAT\u00c9RIAUX RECYCL\u00c9S - AV2M Recyclage","isPartOf":{"@id":"https:\/\/www.av2m.eu\/#website"},"datePublished":"2023-07-11T14:52:39+00:00","dateModified":"2023-09-24T22:49:51+00:00","breadcrumb":{"@id":"https:\/\/www.av2m.eu\/index.php\/nos-produits\/#breadcrumb"},"inLanguage":"fr-FR","potentialAction":[{"@type":"ReadAction","target":["https:\/\/www.av2m.eu\/index.php\/nos-produits\/"]}]},{"@type":"BreadcrumbList","@id":"https:\/\/www.av2m.eu\/index.php\/nos-produits\/#breadcrumb","itemListElement":[{"@type":"ListItem","position":1,"name":"Accueil","item":"https:\/\/www.av2m.eu\/"},{"@type":"ListItem","position":2,"name":"NOS PRODUITS &#038; MAT\u00c9RIAUX RECYCL\u00c9S"}]},{"@type":"WebSite","@id":"https:\/\/www.av2m.eu\/#website","url":"https:\/\/www.av2m.eu\/","name":"AV2M Recyclage","description":"Plateformes de tri, de traitement et de revalorisation de mat\u00e9riaux","publisher":{"@id":"https:\/\/www.av2m.eu\/#organization"},"potentialAction":[{"@type":"SearchAction","target":{"@type":"EntryPoint","urlTemplate":"https:\/\/www.av2m.eu\/?s={search_term_string}"},"query-input":"required name=search_term_string"}],"inLanguage":"fr-FR"},{"@type":"Organization","@id":"https:\/\/www.av2m.eu\/#organization","name":"AV2M Recyclage","url":"https:\/\/www.av2m.eu\/","logo":{"@type":"ImageObject","inLanguage":"fr-FR","@id":"https:\/\/www.av2m.eu\/#\/schema\/logo\/image\/","url":"https:\/\/www.av2m.eu\/wp-content\/uploads\/2023\/07\/Logo-AV2M-web.webp","contentUrl":"https:\/\/www.av2m.eu\/wp-content\/uploads\/2023\/07\/Logo-AV2M-web.webp","width":1028,"height":270,"caption":"AV2M Recyclage"},"image":{"@id":"https:\/\/www.av2m.eu\/#\/schema\/logo\/image\/"},"sameAs":["https:\/\/www.instagram.com\/av2m_recyclage\/"]}]}},"_links":{"self":[{"href":"https:\/\/www.av2m.eu\/index.php\/wp-json\/wp\/v2\/pages\/49","targetHints":{"allow":["GET"]}}],"collection":[{"href":"https:\/\/www.av2m.eu\/index.php\/wp-json\/wp\/v2\/pages"}],"about":[{"href":"https:\/\/www.av2m.eu\/index.php\/wp-json\/wp\/v2\/types\/page"}],"author":[{"embeddable":true,"href":"https:\/\/www.av2m.eu\/index.php\/wp-json\/wp\/v2\/users\/1"}],"replies":[{"embeddable":true,"href":"https:\/\/www.av2m.eu\/index.php\/wp-json\/wp\/v2\/comments?post=49"}],"version-history":[{"count":21,"href":"https:\/\/www.av2m.eu\/index.php\/wp-json\/wp\/v2\/pages\/49\/revisions"}],"predecessor-version":[{"id":501,"href":"https:\/\/www.av2m.eu\/index.php\/wp-json\/wp\/v2\/pages\/49\/revisions\/501"}],"wp:attachment":[{"href":"https:\/\/www.av2m.eu\/index.php\/wp-json\/wp\/v2\/media?parent=49"}],"curies":[{"name":"wp","href":"https:\/\/api.w.org\/{rel}","templated":true}]}}