{"id":55,"date":"2023-07-11T16:56:48","date_gmt":"2023-07-11T14:56:48","guid":{"rendered":"https:\/\/avmeuen.cluster023.hosting.ovh.net\/?page_id=55"},"modified":"2023-09-11T21:49:52","modified_gmt":"2023-09-11T19:49:52","slug":"notre-engagement-eco-responsable","status":"publish","type":"page","link":"https:\/\/www.av2m.eu\/index.php\/notre-engagement-eco-responsable\/","title":{"rendered":"NOTRE ENGAGEMENT"},"content":{"rendered":"<p>[et_pb_section fb_built=\u00a0\u00bb1&Prime; _builder_version=\u00a0\u00bb4.21.0&Prime; _module_preset=\u00a0\u00bbdefault\u00a0\u00bb background_color=\u00a0\u00bb#f7f7f7&Prime; global_colors_info=\u00a0\u00bb{}\u00a0\u00bb][et_pb_row _builder_version=\u00a0\u00bb4.21.0&Prime; _module_preset=\u00a0\u00bbdefault\u00a0\u00bb global_colors_info=\u00a0\u00bb{}\u00a0\u00bb][et_pb_column type=\u00a0\u00bb4_4&Prime; _builder_version=\u00a0\u00bb4.21.0&Prime; _module_preset=\u00a0\u00bbdefault\u00a0\u00bb global_colors_info=\u00a0\u00bb{}\u00a0\u00bb][et_pb_slider _builder_version=\u00a0\u00bb4.21.0&Prime; _module_preset=\u00a0\u00bbdefault\u00a0\u00bb header_font=\u00a0\u00bbABeeZee|700|||||||\u00a0\u00bb hover_enabled=\u00a0\u00bb0&Prime; global_colors_info=\u00a0\u00bb{}\u00a0\u00bb sticky_enabled=\u00a0\u00bb0&Prime;][et_pb_slide heading=\u00a0\u00bbNOTRE ENGAGEMENT\u00a0\u00bb _builder_version=\u00a0\u00bb4.21.0&Prime; _module_preset=\u00a0\u00bbdefault\u00a0\u00bb use_background_color_gradient=\u00a0\u00bbon\u00a0\u00bb background_image=\u00a0\u00bbhttps:\/\/www.av2m.eu\/wp-content\/uploads\/2023\/09\/DSC_6450-scaled.webp\u00a0\u00bb background_enable_image=\u00a0\u00bbon\u00a0\u00bb background_blend=\u00a0\u00bbmultiply\u00a0\u00bb hover_enabled=\u00a0\u00bb0&Prime; global_colors_info=\u00a0\u00bb{}\u00a0\u00bb sticky_transition=\u00a0\u00bbon\u00a0\u00bb alt=\u00a0\u00bbLes engagements d&rsquo;AV2M Recyclage pour assurer une des produits de qualit\u00e9s au respect de l&rsquo;environnement \u00e0 Aix et Marseille\u00a0\u00bb title_text=\u00a0\u00bbNotre engagement\u00a0\u00bb background_position=\u00a0\u00bbtop_center\u00a0\u00bb sticky_enabled=\u00a0\u00bb0&Prime;][\/et_pb_slide][\/et_pb_slider][\/et_pb_column][\/et_pb_row][et_pb_row column_structure=\u00a0\u00bb1_4,3_4&Prime; _builder_version=\u00a0\u00bb4.21.0&Prime; _module_preset=\u00a0\u00bbdefault\u00a0\u00bb global_colors_info=\u00a0\u00bb{}\u00a0\u00bb][et_pb_column type=\u00a0\u00bb1_4&Prime; _builder_version=\u00a0\u00bb4.21.0&Prime; _module_preset=\u00a0\u00bbdefault\u00a0\u00bb global_colors_info=\u00a0\u00bb{}\u00a0\u00bb][et_pb_icon font_icon=\u00a0\u00bb&#xf5b8;||fa||400&Prime; icon_color=\u00a0\u00bb#8ABD24&Prime; align=\u00a0\u00bbright\u00a0\u00bb _builder_version=\u00a0\u00bb4.21.0&Prime; _module_preset=\u00a0\u00bbdefault\u00a0\u00bb hover_enabled=\u00a0\u00bb0&Prime; global_colors_info=\u00a0\u00bb{}\u00a0\u00bb align_last_edited=\u00a0\u00bbon|desktop\u00a0\u00bb sticky_enabled=\u00a0\u00bb0&Prime; align_phone=\u00a0\u00bbcenter\u00a0\u00bb align_tablet=\u00a0\u00bbcenter\u00a0\u00bb][\/et_pb_icon][\/et_pb_column][et_pb_column type=\u00a0\u00bb3_4&Prime; _builder_version=\u00a0\u00bb4.21.0&Prime; _module_preset=\u00a0\u00bbdefault\u00a0\u00bb global_colors_info=\u00a0\u00bb{}\u00a0\u00bb][et_pb_text _builder_version=\u00a0\u00bb4.21.0&Prime; _module_preset=\u00a0\u00bbdefault\u00a0\u00bb inline_fonts=\u00a0\u00bbABeeZee\u00a0\u00bb global_colors_info=\u00a0\u00bb{}\u00a0\u00bb]<\/p>\n<h2><span style=\"font-family: ABeeZee; font-weight: normal;\"><strong><span style=\"color: #00903a;\">QUALIT\u00c9 &amp; SATISFACTION CLIENT<\/span><\/strong><\/span><\/h2>\n<p style=\"text-align: justify;\"><span style=\"color: #282828; font-family: ABeeZee;\">&#8211; <strong><span style=\"color: #103859;\">Une s\u00e9lection des mat\u00e9riaux entrants<\/span><\/strong> ainsi que des techniques de retraitement permettent de r\u00e9pondre aux imp\u00e9ratifs de qualit\u00e9 int\u00e9gr\u00e9s dans les cahiers des charges des march\u00e9s.<\/span><br \/><span style=\"color: #282828; font-family: ABeeZee;\">&#8211; <span style=\"color: #103859;\"><strong>Des contr\u00f4les laboratoires syst\u00e9matiques<\/strong><\/span> avant commercialisation de nos produits assurent le respect des normes techniques et r\u00e9glementaires des entreprises.<\/span><br \/><span style=\"color: #282828; font-family: ABeeZee;\">&#8211; <strong><span style=\"color: #103859;\">L&rsquo;am\u00e9lioration continue de nos outils<\/span><\/strong> et savoir-faire fait partie de notre culture d&rsquo;entreprise.<\/span><\/p>\n<p>[\/et_pb_text][\/et_pb_column][\/et_pb_row][et_pb_row column_structure=\u00a0\u00bb1_4,3_4&Prime; _builder_version=\u00a0\u00bb4.21.0&Prime; _module_preset=\u00a0\u00bbdefault\u00a0\u00bb global_colors_info=\u00a0\u00bb{}\u00a0\u00bb][et_pb_column type=\u00a0\u00bb1_4&Prime; _builder_version=\u00a0\u00bb4.21.0&Prime; _module_preset=\u00a0\u00bbdefault\u00a0\u00bb global_colors_info=\u00a0\u00bb{}\u00a0\u00bb][et_pb_icon font_icon=\u00a0\u00bb&#xf505;||fa||900&Prime; icon_color=\u00a0\u00bb#8ABD24&Prime; align=\u00a0\u00bbright\u00a0\u00bb _builder_version=\u00a0\u00bb4.21.0&Prime; _module_preset=\u00a0\u00bbdefault\u00a0\u00bb hover_enabled=\u00a0\u00bb0&Prime; global_colors_info=\u00a0\u00bb{}\u00a0\u00bb align_last_edited=\u00a0\u00bbon|desktop\u00a0\u00bb align_phone=\u00a0\u00bbcenter\u00a0\u00bb sticky_enabled=\u00a0\u00bb0&Prime; align_tablet=\u00a0\u00bbcenter\u00a0\u00bb][\/et_pb_icon][\/et_pb_column][et_pb_column type=\u00a0\u00bb3_4&Prime; _builder_version=\u00a0\u00bb4.21.0&Prime; _module_preset=\u00a0\u00bbdefault\u00a0\u00bb global_colors_info=\u00a0\u00bb{}\u00a0\u00bb][et_pb_text _builder_version=\u00a0\u00bb4.21.0&Prime; _module_preset=\u00a0\u00bbdefault\u00a0\u00bb inline_fonts=\u00a0\u00bbABeeZee\u00a0\u00bb global_colors_info=\u00a0\u00bb{}\u00a0\u00bb]<\/p>\n<h2><span style=\"font-family: ABeeZee; font-weight: normal;\"><strong><span style=\"color: #00903a;\">S\u00c9CURIT\u00c9<\/span><\/strong><\/span><\/h2>\n<p style=\"text-align: justify;\"><span style=\"color: #282828; font-family: ABeeZee;\">&#8211; <strong><span style=\"color: #103859;\">Une culture s\u00e9curit\u00e9 et le respect des bonnes pratiques au sein de l&rsquo;entreprise<\/span><\/strong><em> assure la protection de tous nos collaborateurs.<\/em><\/span><br \/><span style=\"color: #282828; font-family: ABeeZee;\">&#8211; <span style=\"color: #103859;\"><strong>Un environnement de travail s\u00e9curis\u00e9 pour l&rsquo;ensemble de nos clients et sous-traitants<\/strong><\/span> est primordial : protocole chargement\/d\u00e9chargement, machines conformes, consignes de s\u00e9curit\u00e9 et port des EPI.<\/span><br \/><span style=\"color: #282828; font-family: ABeeZee;\">&#8211; <strong><span style=\"color: #103859;\">Le maintien de la conformit\u00e9 r\u00e9glementaire et la v\u00e9rification p\u00e9riodique<\/span><\/strong> de nos installations, engins et \u00e9quipements de protection, est une priorit\u00e9.<\/span><\/p>\n<p>[\/et_pb_text][\/et_pb_column][\/et_pb_row][et_pb_row column_structure=\u00a0\u00bb1_4,3_4&Prime; _builder_version=\u00a0\u00bb4.21.0&Prime; _module_preset=\u00a0\u00bbdefault\u00a0\u00bb global_colors_info=\u00a0\u00bb{}\u00a0\u00bb][et_pb_column type=\u00a0\u00bb1_4&Prime; _builder_version=\u00a0\u00bb4.21.0&Prime; _module_preset=\u00a0\u00bbdefault\u00a0\u00bb global_colors_info=\u00a0\u00bb{}\u00a0\u00bb][et_pb_icon font_icon=\u00a0\u00bb&#xf299;||fa||400&Prime; icon_color=\u00a0\u00bb#8ABD24&Prime; align=\u00a0\u00bbright\u00a0\u00bb _builder_version=\u00a0\u00bb4.21.0&Prime; _module_preset=\u00a0\u00bbdefault\u00a0\u00bb hover_enabled=\u00a0\u00bb0&Prime; global_colors_info=\u00a0\u00bb{}\u00a0\u00bb align_last_edited=\u00a0\u00bbon|tablet\u00a0\u00bb align_phone=\u00a0\u00bbcenter\u00a0\u00bb sticky_enabled=\u00a0\u00bb0&Prime; align_tablet=\u00a0\u00bbcenter\u00a0\u00bb][\/et_pb_icon][\/et_pb_column][et_pb_column type=\u00a0\u00bb3_4&Prime; _builder_version=\u00a0\u00bb4.21.0&Prime; _module_preset=\u00a0\u00bbdefault\u00a0\u00bb global_colors_info=\u00a0\u00bb{}\u00a0\u00bb][et_pb_text _builder_version=\u00a0\u00bb4.21.0&Prime; _module_preset=\u00a0\u00bbdefault\u00a0\u00bb inline_fonts=\u00a0\u00bbABeeZee\u00a0\u00bb global_colors_info=\u00a0\u00bb{}\u00a0\u00bb]<\/p>\n<h2><span style=\"font-family: ABeeZee; font-weight: normal;\"><strong><span style=\"color: #00903a;\">ENVIRONNEMENT<\/span><\/strong><\/span><\/h2>\n<p style=\"text-align: justify;\"><span style=\"color: #282828; font-family: ABeeZee;\"><\/span><\/p>\n<p style=\"text-align: justify;\"><span style=\"font-family: ABeeZee; font-weight: normal; color: #00903a;\"><strong>PR\u00c9SERVATION DES RESSOURCES ET R\u00c9DUCTION DES D\u00c9CHETS<\/strong><\/span><strong> <\/strong><\/p>\n<p><strong><\/strong><span style=\"color: #282828; font-family: ABeeZee;\"><strong><span style=\"color: #103859;\">La revalorisation et le recyclage des mat\u00e9riaux :<br \/>&#8211; Limite des besoins d&rsquo;exploitation<\/span><\/strong><em> des gisements et l&rsquo;\u00e9puisement des ressources.\u00a0<\/em><\/span><br \/><span style=\"color: #282828; font-family: ABeeZee;\">&#8211; <span style=\"color: #103859;\"><strong>R\u00e9duit la quantit\u00e9 des mat\u00e9riaux <\/strong><\/span>enfouis de mani\u00e8re d\u00e9finitive.<\/span><br \/><span style=\"color: #282828; font-family: ABeeZee;\">&#8211; <strong><span style=\"color: #103859;\">Donne une deuxi\u00e8me vie<\/span><\/strong> aux mat\u00e9riaux destin\u00e9s \u00e0 \u00eatre jet\u00e9s.<\/span><\/p>\n<p style=\"text-align: justify;\"><span style=\"font-family: ABeeZee; font-weight: normal; color: #00903a;\"><strong>MA\u00ceTRISE DE NOTRE EMPREINTE ENVIRONNEMENTALE<\/strong><\/span><strong><\/strong><\/p>\n<p><strong><\/strong><span style=\"color: #282828; font-family: ABeeZee;\"><em>&#8211; La situation g\u00e9ographique proche de la M\u00e9tropole Marseillaise et des grands axes routiers <\/em><\/span><span style=\"color: #282828; font-family: ABeeZee;\"><span style=\"color: #103859;\"><strong>r\u00e9duit les distances de transport <\/strong><\/span>et le nombre de camions sur les routes.<\/span><br \/><span style=\"color: #282828; font-family: ABeeZee;\">&#8211; <strong><span style=\"color: #103859;\">AV2M Recyclage <\/span><\/strong>investit dans du nouveau mat\u00e9riel \u00e0 <span style=\"color: #103859;\"><strong>faible impact \u00e9cologique<\/strong><\/span> : pelle hybride, v\u00e9hicules de service \u00e9lectriques, camions poids lourds aux normes Euro 6.<\/span><\/p>\n<p>[\/et_pb_text][\/et_pb_column][\/et_pb_row][et_pb_row _builder_version=\u00a0\u00bb4.21.0&Prime; _module_preset=\u00a0\u00bbdefault\u00a0\u00bb global_colors_info=\u00a0\u00bb{}\u00a0\u00bb][et_pb_column type=\u00a0\u00bb4_4&Prime; _builder_version=\u00a0\u00bb4.21.0&Prime; _module_preset=\u00a0\u00bbdefault\u00a0\u00bb global_colors_info=\u00a0\u00bb{}\u00a0\u00bb][et_pb_text _builder_version=\u00a0\u00bb4.21.0&Prime; _module_preset=\u00a0\u00bbdefault\u00a0\u00bb text_font=\u00a0\u00bbABeeZee||||||||\u00a0\u00bb text_text_color=\u00a0\u00bb#FFFFFF\u00a0\u00bb header_font=\u00a0\u00bbABeeZee||||||||\u00a0\u00bb background_color=\u00a0\u00bb#8ABD24&Prime; custom_padding=\u00a0\u00bb15px|15px|15px|15px|true|true\u00a0\u00bb inline_fonts=\u00a0\u00bbABeeZee\u00a0\u00bb global_colors_info=\u00a0\u00bb{}\u00a0\u00bb]<\/p>\n<h2 style=\"text-align: center;\"><span style=\"color: #ffffff; font-family: ABeeZee;\"><strong>B\u00c9N\u00c9FICES POUR LE CLIENT<\/strong><\/span><\/h2>\n<p>&#8211; Vous \u00eates un <strong>acteur responsable<\/strong> utilisant des produits recycl\u00e9s et participant \u00e0 l&rsquo;<strong>\u00e9conomie circulaire locale<\/strong>.<\/p>\n<p>&#8211; Vous \u00eates <strong>conforme \u00e0 la r\u00e9glementation<\/strong> tout en optimisant votre logistique de chantier avec une <strong>tra\u00e7abilit\u00e9 garantie<\/strong>.<\/p>\n<p>&#8211; Vous participez \u00e0 la <strong>pr\u00e9servation des ressources naturelles<\/strong>.<\/p>\n<p>&#8211; Vous contribuez \u00e0 l&rsquo;<strong>objectif Europ\u00e9en en valorisant 70% des d\u00e9chets<\/strong> inertes du BTP d&rsquo;ici 2020.<\/p>\n<p>[\/et_pb_text][\/et_pb_column][\/et_pb_row][\/et_pb_section]<\/p>\n","protected":false},"excerpt":{"rendered":"<p>QUALIT\u00c9 &amp; SATISFACTION CLIENT &#8211; Une s\u00e9lection des mat\u00e9riaux entrants ainsi que des techniques de retraitement permettent de r\u00e9pondre aux imp\u00e9ratifs de qualit\u00e9 int\u00e9gr\u00e9s dans les cahiers des charges des march\u00e9s.- Des contr\u00f4les laboratoires syst\u00e9matiques avant commercialisation de nos produits assurent le respect des normes techniques et r\u00e9glementaires des entreprises.- L&rsquo;am\u00e9lioration continue de nos outils [&hellip;]<\/p>\n","protected":false},"author":1,"featured_media":0,"parent":0,"menu_order":0,"comment_status":"closed","ping_status":"closed","template":"","meta":{"_et_pb_use_builder":"on","_et_pb_old_content":"","_et_gb_content_width":"","_monsterinsights_skip_tracking":false,"_monsterinsights_sitenote_active":false,"_monsterinsights_sitenote_note":"","_monsterinsights_sitenote_category":0,"footnotes":""},"class_list":["post-55","page","type-page","status-publish","hentry"],"yoast_head":"<!-- This site is optimized with the Yoast SEO plugin v21.3 - https:\/\/yoast.com\/wordpress\/plugins\/seo\/ -->\n<title>NOTRE ENGAGEMENT - AV2M Recyclage<\/title>\n<meta name=\"robots\" content=\"index, follow, max-snippet:-1, max-image-preview:large, max-video-preview:-1\" \/>\n<link rel=\"canonical\" href=\"https:\/\/www.av2m.eu\/index.php\/notre-engagement-eco-responsable\/\" \/>\n<meta property=\"og:locale\" content=\"fr_FR\" \/>\n<meta property=\"og:type\" content=\"article\" \/>\n<meta property=\"og:title\" content=\"NOTRE ENGAGEMENT - AV2M Recyclage\" \/>\n<meta property=\"og:description\" content=\"QUALIT\u00c9 &amp; SATISFACTION CLIENT - Une s\u00e9lection des mat\u00e9riaux entrants ainsi que des techniques de retraitement permettent de r\u00e9pondre aux imp\u00e9ratifs de qualit\u00e9 int\u00e9gr\u00e9s dans les cahiers des charges des march\u00e9s.- Des contr\u00f4les laboratoires syst\u00e9matiques avant commercialisation de nos produits assurent le respect des normes techniques et r\u00e9glementaires des entreprises.- L&#039;am\u00e9lioration continue de nos outils [&hellip;]\" \/>\n<meta property=\"og:url\" content=\"https:\/\/www.av2m.eu\/index.php\/notre-engagement-eco-responsable\/\" \/>\n<meta property=\"og:site_name\" content=\"AV2M Recyclage\" \/>\n<meta property=\"article:modified_time\" content=\"2023-09-11T19:49:52+00:00\" \/>\n<meta name=\"twitter:card\" content=\"summary_large_image\" \/>\n<meta name=\"twitter:label1\" content=\"Dur\u00e9e de lecture estim\u00e9e\" \/>\n\t<meta name=\"twitter:data1\" content=\"4 minutes\" \/>\n<script type=\"application\/ld+json\" class=\"yoast-schema-graph\">{\"@context\":\"https:\/\/schema.org\",\"@graph\":[{\"@type\":\"WebPage\",\"@id\":\"https:\/\/www.av2m.eu\/index.php\/notre-engagement-eco-responsable\/\",\"url\":\"https:\/\/www.av2m.eu\/index.php\/notre-engagement-eco-responsable\/\",\"name\":\"NOTRE ENGAGEMENT - AV2M Recyclage\",\"isPartOf\":{\"@id\":\"https:\/\/www.av2m.eu\/#website\"},\"datePublished\":\"2023-07-11T14:56:48+00:00\",\"dateModified\":\"2023-09-11T19:49:52+00:00\",\"breadcrumb\":{\"@id\":\"https:\/\/www.av2m.eu\/index.php\/notre-engagement-eco-responsable\/#breadcrumb\"},\"inLanguage\":\"fr-FR\",\"potentialAction\":[{\"@type\":\"ReadAction\",\"target\":[\"https:\/\/www.av2m.eu\/index.php\/notre-engagement-eco-responsable\/\"]}]},{\"@type\":\"BreadcrumbList\",\"@id\":\"https:\/\/www.av2m.eu\/index.php\/notre-engagement-eco-responsable\/#breadcrumb\",\"itemListElement\":[{\"@type\":\"ListItem\",\"position\":1,\"name\":\"Accueil\",\"item\":\"https:\/\/www.av2m.eu\/\"},{\"@type\":\"ListItem\",\"position\":2,\"name\":\"NOTRE ENGAGEMENT\"}]},{\"@type\":\"WebSite\",\"@id\":\"https:\/\/www.av2m.eu\/#website\",\"url\":\"https:\/\/www.av2m.eu\/\",\"name\":\"AV2M Recyclage\",\"description\":\"Plateformes de tri, de traitement et de revalorisation de mat\u00e9riaux\",\"publisher\":{\"@id\":\"https:\/\/www.av2m.eu\/#organization\"},\"potentialAction\":[{\"@type\":\"SearchAction\",\"target\":{\"@type\":\"EntryPoint\",\"urlTemplate\":\"https:\/\/www.av2m.eu\/?s={search_term_string}\"},\"query-input\":\"required name=search_term_string\"}],\"inLanguage\":\"fr-FR\"},{\"@type\":\"Organization\",\"@id\":\"https:\/\/www.av2m.eu\/#organization\",\"name\":\"AV2M Recyclage\",\"url\":\"https:\/\/www.av2m.eu\/\",\"logo\":{\"@type\":\"ImageObject\",\"inLanguage\":\"fr-FR\",\"@id\":\"https:\/\/www.av2m.eu\/#\/schema\/logo\/image\/\",\"url\":\"https:\/\/www.av2m.eu\/wp-content\/uploads\/2023\/07\/Logo-AV2M-web.webp\",\"contentUrl\":\"https:\/\/www.av2m.eu\/wp-content\/uploads\/2023\/07\/Logo-AV2M-web.webp\",\"width\":1028,\"height\":270,\"caption\":\"AV2M Recyclage\"},\"image\":{\"@id\":\"https:\/\/www.av2m.eu\/#\/schema\/logo\/image\/\"},\"sameAs\":[\"https:\/\/www.instagram.com\/av2m_recyclage\/\"]}]}<\/script>\n<!-- \/ Yoast SEO plugin. -->","yoast_head_json":{"title":"NOTRE ENGAGEMENT - AV2M Recyclage","robots":{"index":"index","follow":"follow","max-snippet":"max-snippet:-1","max-image-preview":"max-image-preview:large","max-video-preview":"max-video-preview:-1"},"canonical":"https:\/\/www.av2m.eu\/index.php\/notre-engagement-eco-responsable\/","og_locale":"fr_FR","og_type":"article","og_title":"NOTRE ENGAGEMENT - AV2M Recyclage","og_description":"QUALIT\u00c9 &amp; SATISFACTION CLIENT - Une s\u00e9lection des mat\u00e9riaux entrants ainsi que des techniques de retraitement permettent de r\u00e9pondre aux imp\u00e9ratifs de qualit\u00e9 int\u00e9gr\u00e9s dans les cahiers des charges des march\u00e9s.- Des contr\u00f4les laboratoires syst\u00e9matiques avant commercialisation de nos produits assurent le respect des normes techniques et r\u00e9glementaires des entreprises.- L'am\u00e9lioration continue de nos outils [&hellip;]","og_url":"https:\/\/www.av2m.eu\/index.php\/notre-engagement-eco-responsable\/","og_site_name":"AV2M Recyclage","article_modified_time":"2023-09-11T19:49:52+00:00","twitter_card":"summary_large_image","twitter_misc":{"Dur\u00e9e de lecture estim\u00e9e":"4 minutes"},"schema":{"@context":"https:\/\/schema.org","@graph":[{"@type":"WebPage","@id":"https:\/\/www.av2m.eu\/index.php\/notre-engagement-eco-responsable\/","url":"https:\/\/www.av2m.eu\/index.php\/notre-engagement-eco-responsable\/","name":"NOTRE ENGAGEMENT - AV2M Recyclage","isPartOf":{"@id":"https:\/\/www.av2m.eu\/#website"},"datePublished":"2023-07-11T14:56:48+00:00","dateModified":"2023-09-11T19:49:52+00:00","breadcrumb":{"@id":"https:\/\/www.av2m.eu\/index.php\/notre-engagement-eco-responsable\/#breadcrumb"},"inLanguage":"fr-FR","potentialAction":[{"@type":"ReadAction","target":["https:\/\/www.av2m.eu\/index.php\/notre-engagement-eco-responsable\/"]}]},{"@type":"BreadcrumbList","@id":"https:\/\/www.av2m.eu\/index.php\/notre-engagement-eco-responsable\/#breadcrumb","itemListElement":[{"@type":"ListItem","position":1,"name":"Accueil","item":"https:\/\/www.av2m.eu\/"},{"@type":"ListItem","position":2,"name":"NOTRE ENGAGEMENT"}]},{"@type":"WebSite","@id":"https:\/\/www.av2m.eu\/#website","url":"https:\/\/www.av2m.eu\/","name":"AV2M Recyclage","description":"Plateformes de tri, de traitement et de revalorisation de mat\u00e9riaux","publisher":{"@id":"https:\/\/www.av2m.eu\/#organization"},"potentialAction":[{"@type":"SearchAction","target":{"@type":"EntryPoint","urlTemplate":"https:\/\/www.av2m.eu\/?s={search_term_string}"},"query-input":"required name=search_term_string"}],"inLanguage":"fr-FR"},{"@type":"Organization","@id":"https:\/\/www.av2m.eu\/#organization","name":"AV2M Recyclage","url":"https:\/\/www.av2m.eu\/","logo":{"@type":"ImageObject","inLanguage":"fr-FR","@id":"https:\/\/www.av2m.eu\/#\/schema\/logo\/image\/","url":"https:\/\/www.av2m.eu\/wp-content\/uploads\/2023\/07\/Logo-AV2M-web.webp","contentUrl":"https:\/\/www.av2m.eu\/wp-content\/uploads\/2023\/07\/Logo-AV2M-web.webp","width":1028,"height":270,"caption":"AV2M Recyclage"},"image":{"@id":"https:\/\/www.av2m.eu\/#\/schema\/logo\/image\/"},"sameAs":["https:\/\/www.instagram.com\/av2m_recyclage\/"]}]}},"_links":{"self":[{"href":"https:\/\/www.av2m.eu\/index.php\/wp-json\/wp\/v2\/pages\/55","targetHints":{"allow":["GET"]}}],"collection":[{"href":"https:\/\/www.av2m.eu\/index.php\/wp-json\/wp\/v2\/pages"}],"about":[{"href":"https:\/\/www.av2m.eu\/index.php\/wp-json\/wp\/v2\/types\/page"}],"author":[{"embeddable":true,"href":"https:\/\/www.av2m.eu\/index.php\/wp-json\/wp\/v2\/users\/1"}],"replies":[{"embeddable":true,"href":"https:\/\/www.av2m.eu\/index.php\/wp-json\/wp\/v2\/comments?post=55"}],"version-history":[{"count":13,"href":"https:\/\/www.av2m.eu\/index.php\/wp-json\/wp\/v2\/pages\/55\/revisions"}],"predecessor-version":[{"id":448,"href":"https:\/\/www.av2m.eu\/index.php\/wp-json\/wp\/v2\/pages\/55\/revisions\/448"}],"wp:attachment":[{"href":"https:\/\/www.av2m.eu\/index.php\/wp-json\/wp\/v2\/media?parent=55"}],"curies":[{"name":"wp","href":"https:\/\/api.w.org\/{rel}","templated":true}]}}